{"id":1900,"date":"2019-09-09T11:23:53","date_gmt":"2019-09-09T09:23:53","guid":{"rendered":"https:\/\/cansabate.com\/?page_id=1900"},"modified":"2022-03-16T11:18:26","modified_gmt":"2022-03-16T10:18:26","slug":"la-casa","status":"publish","type":"page","link":"https:\/\/www.cansabate.com\/ca\/la-casa\/","title":{"rendered":"La casa"},"content":{"rendered":"<div>\n<p>    <img decoding=\"async\" src=\"\/cansabate\/wp-content\/uploads\/2022\/03\/lacasa-top-img.jpg\" alt=\"\"><\/p>\n<\/div>\n<h1>\n<p>Espai senyorial amb tradici\u00f3 i eleg\u00e0ncia<\/p>\n<\/h1>\n<div>\n<h1>La casa<\/h1>\n<div>\n<p>Una masia amb un valor arquitect\u00f2nic \u00fanic que es remunta al segle xii, en un espai i un entorn privilegiats, amb vistes a la muntanya de Montserrat.<\/p>\n<\/p>\n<p>Can Sabat\u00e9 \u00e9s un conjunt edificat que s\u2019organitza al voltant d\u2019un pati principal de gran bellesa, amb una representativa fa\u00e7ana de pedra tallada que acull l\u2019escut de la fam\u00edlia God\u00f3.<\/p>\n<\/p>\n<p>Disposa d\u2019una esplanada de m\u00e9s de 2.000 m<sup>2<\/sup> i d\u2019una porxada que dona directament al celler, actualment convertit en espai per al banquet. Tant si celebreu cerim\u00f2nia civil com religiosa, heu de saber que disposeu d\u2019una capella, aix\u00ed com d\u2019uns amplis jardins dissenyats per Joan Pa\u00f1ella i Bonastre.<\/p>\n<\/div>\n<\/div>\n<h1>\n<p>Lloga el nostre espai per realitzar-hi el teu esdeveniment<\/p>\n<\/h1>\n<div>\n<h1>ESDEVENIMENTS<\/h1>\n<div>\n<p><strong>Nosaltres posem el lloc; vosaltres, la imaginaci\u00f3<\/strong><\/p>\n<\/p>\n<ul>\n<li>Bodes.<\/li>\n<li>Reunions d\u2019empresa<\/li>\n<li><em>Showrooms, pop-up stores, workshops<\/em><\/li>\n<li>Presentacions de productes, rodes de premsa, confer\u00e8ncies<\/li>\n<li>Desfilades, c\u00e0stings, lectures de guions<\/li>\n<li>Tallers, cursos de durada curta o mitjana, classes magistrals<\/li>\n<li>Retirs de ioga i meditaci\u00f3<\/li>\n<li>Presentacions de llibres, espais culturals<\/li>\n<li>Assaigs, espectacles puntuals<\/li>\n<\/ul>\n<p>Aquests s\u00f3n nom\u00e9s alguns exemples. Contacta amb nosaltres per reservar la casa i comen\u00e7a a organitzar el teu esdeveniment.<\/p>\n<\/div>\n<\/div>\n<div>Masia Can Sabat\u00e9<br \/>08711 \u00d2dena. Barcelona<\/div>\n<div>T. 34 630 003 854<\/div>\n<ul>\n<li>\n        <a href=\"https:\/\/www.facebook.com\/Can-Sabat%C3%A9-1988132507971641\/\">Facebook<\/a>\n    <\/li>\n<li>\n        <a href=\"https:\/\/www.instagram.com\/can_sabate\/\">Instagram<\/a>\n    <\/li>\n<li>\n        <a href=\"https:\/\/api.whatsapp.com\/send?phone=34630003854&#038;text=Contacto desde la web:\">WhatsApp<\/a>\n    <\/li>\n<\/ul>\n<div>\n\n<div class=\"wpcf7 no-js\" id=\"wpcf7-f1935-o1\" lang=\"ca\" dir=\"ltr\" data-wpcf7-id=\"1935\">\n<div class=\"screen-reader-response\"><p role=\"status\" aria-live=\"polite\" aria-atomic=\"true\"><\/p> <ul><\/ul><\/div>\n<form action=\"\/ca\/wp-json\/wp\/v2\/pages\/1900#wpcf7-f1935-o1\" method=\"post\" class=\"wpcf7-form init d9e359d9ce8b cmatic-conn cmatic-aud-2 cmatic-mapd0-0 cmatic-v097802 cmatic-sent-0 cmatic-total-5905\" aria-label=\"Formulari de contacte\" novalidate=\"novalidate\" data-status=\"init\">\n<fieldset class=\"hidden-fields-container\"><input type=\"hidden\" name=\"_wpcf7\" value=\"1935\" \/><input type=\"hidden\" name=\"_wpcf7_version\" value=\"6.1.5\" \/><input type=\"hidden\" name=\"_wpcf7_locale\" value=\"ca\" \/><input type=\"hidden\" name=\"_wpcf7_unit_tag\" value=\"wpcf7-f1935-o1\" \/><input type=\"hidden\" name=\"_wpcf7_container_post\" value=\"0\" \/><input type=\"hidden\" name=\"_wpcf7_posted_data_hash\" value=\"\" \/>\n<\/fieldset>\n<div class=\"uk-grid-small\" uk-grid>\n\t<div class=\"uk-width-1-1 uk-width-1-2@s\">\n\t\t<p><span class=\"wpcf7-form-control-wrap\" data-name=\"nom\"><input size=\"40\" maxlength=\"400\" class=\"wpcf7-form-control wpcf7-text wpcf7-validates-as-required uk-input\" aria-required=\"true\" aria-invalid=\"false\" placeholder=\"Nom\" value=\"\" type=\"text\" name=\"nom\" \/><\/span>\n\t\t<\/p>\n\t<\/div>\n\t<div class=\"uk-width-1-1 uk-width-1-2@s\">\n\t\t<p><span class=\"wpcf7-form-control-wrap\" data-name=\"cognoms\"><input size=\"40\" maxlength=\"400\" class=\"wpcf7-form-control wpcf7-text wpcf7-validates-as-required uk-input\" aria-required=\"true\" aria-invalid=\"false\" placeholder=\"Cognoms\" value=\"\" type=\"text\" name=\"cognoms\" \/><\/span>\n\t\t<\/p>\n\t<\/div>\n\t<div class=\"uk-width-1-1 uk-width-1-2@s\">\n\t\t<p><span class=\"wpcf7-form-control-wrap\" data-name=\"email\"><input size=\"40\" maxlength=\"400\" class=\"wpcf7-form-control wpcf7-email wpcf7-validates-as-required wpcf7-text wpcf7-validates-as-email uk-input\" aria-required=\"true\" aria-invalid=\"false\" placeholder=\"Email\" value=\"\" type=\"email\" name=\"email\" \/><\/span>\n\t\t<\/p>\n\t<\/div>\n\t<div class=\"uk-width-1-1 uk-width-1-2@s\">\n\t\t<p><span class=\"wpcf7-form-control-wrap\" data-name=\"telefon\"><input size=\"40\" maxlength=\"400\" class=\"wpcf7-form-control wpcf7-tel wpcf7-text wpcf7-validates-as-tel uk-input\" aria-invalid=\"false\" placeholder=\"Tel\u00e8fon\" value=\"\" type=\"tel\" name=\"telefon\" \/><\/span>\n\t\t<\/p>\n\t<\/div>\n\t<div class=\"uk-width-1-1\">\n\t\t<p><span class=\"wpcf7-form-control-wrap\" data-name=\"missatge\"><textarea cols=\"40\" rows=\"4\" maxlength=\"2000\" class=\"wpcf7-form-control wpcf7-textarea wpcf7-validates-as-required uk-textarea\" aria-required=\"true\" aria-invalid=\"false\" placeholder=\"Missatge\" name=\"missatge\"><\/textarea><\/span>\n\t\t<\/p>\n\t<\/div>\n\t<div class=\"uk-width-1-1\">\n\t\t<p><span class=\"wpcf7-form-control-wrap\" data-name=\"politiques\"><span class=\"wpcf7-form-control wpcf7-acceptance\"><span class=\"wpcf7-list-item\"><label><input type=\"checkbox\" name=\"politiques\" value=\"1\" class=\"uk-checkbox\" aria-invalid=\"false\" \/><span class=\"wpcf7-list-item-label\">Autoritzo l'\u00fas de les dades aqu\u00ed ingressades, que seran tractades d'acord amb el Decret legislatiu n\u00fam. 196\/03 sobre <a href=\"#\" target=\"_blank\">privacitat<\/a>.<\/span><\/label><\/span><\/span><\/span>\n\t\t<\/p>\n\t<\/div>\n\t<div class=\"uk-width-1-1 uk-width-1-2@s\">\n\t\t<p><input class=\"wpcf7-form-control wpcf7-submit has-spinner uk-button uk-button-default\" type=\"submit\" value=\"Enviar\" \/>\n\t\t<\/p>\n\t<\/div>\n<\/div><div class=\"wpcf7-response-output\" aria-hidden=\"true\"><\/div>\n<\/form>\n<\/div>\n<\/div>\n<p><!--more--><br \/>\n<!-- {\"type\":\"layout\",\"children\":[{\"type\":\"section\",\"props\":{\"style\":\"default\",\"width\":\"\",\"vertical_align\":\"middle\",\"title_position\":\"top-left\",\"title_rotation\":\"left\",\"title_breakpoint\":\"xl\",\"image_position\":\"center-center\",\"header_transparent_noplaceholder\":false,\"padding\":\"none\",\"animation\":\"fade\"},\"children\":[{\"type\":\"row\",\"children\":[{\"type\":\"column\",\"props\":{\"position_sticky_breakpoint\":\"m\",\"image_position\":\"center-center\",\"media_overlay_gradient\":\"\"},\"children\":[{\"type\":\"slideshow\",\"props\":{\"show_title\":true,\"show_meta\":true,\"show_content\":true,\"show_link\":true,\"show_thumbnail\":true,\"slideshow_min_height\":300,\"slideshow_autoplay_pause\":true,\"nav\":\"dotnav\",\"nav_position\":\"bottom-center\",\"nav_position_margin\":\"medium\",\"nav_align\":\"center\",\"nav_breakpoint\":\"s\",\"thumbnav_width\":\"100\",\"thumbnav_height\":\"75\",\"thumbnav_svg_color\":\"emphasis\",\"slidenav\":\"default\",\"slidenav_margin\":\"medium\",\"slidenav_breakpoint\":\"s\",\"slidenav_outside_breakpoint\":\"xl\",\"overlay_position\":\"center-left\",\"overlay_animation\":\"parallax\",\"title_element\":\"h3\",\"meta_style\":\"meta\",\"meta_align\":\"below-title\",\"meta_element\":\"div\",\"link_text\":\"Read more\",\"link_style\":\"default\",\"margin\":\"remove-vertical\",\"slideshow_ratio\":\"16:9\",\"slideshow_height\":\"full\"},\"children\":[{\"type\":\"slideshow_item\",\"props\":{\"image\":\"wp-content\\\/uploads\\\/2022\\\/03\\\/lacasa-top-img.jpg\"}}]}]}]}]},{\"type\":\"section\",\"props\":{\"style\":\"default\",\"width\":\"default\",\"vertical_align\":\"middle\",\"title_position\":\"top-left\",\"title_rotation\":\"left\",\"title_breakpoint\":\"xl\",\"image_position\":\"center-center\",\"padding\":\"large\",\"animation\":\"fade\"},\"children\":[{\"type\":\"row\",\"children\":[{\"type\":\"column\",\"props\":{\"position_sticky_breakpoint\":\"m\",\"image_position\":\"center-center\",\"media_overlay_gradient\":\"\"},\"children\":[{\"type\":\"headline\",\"props\":{\"title_element\":\"h1\",\"content\":\"\n\n<p>Espai senyorial amb tradici\\u00f3 i eleg\\u00e0ncia<\\\/p>\",\"text_align\":\"center\",\"title_style\":\"h1\",\"css\":\"@media(max-width:450px){\\n .el-element{\\n max-width: 220px;\\n margin-left: auto;\\n margin-right: auto;\\n }\\n}\",\"animation\":\"slide-bottom-medium\"}}]}]}],\"name\":\"Text\"},{\"type\":\"section\",\"props\":{\"style\":\"default\",\"width\":\"\",\"vertical_align\":\"middle\",\"title_position\":\"top-left\",\"title_rotation\":\"left\",\"title_breakpoint\":\"xl\",\"image_position\":\"center-center\",\"header_transparent_noplaceholder\":false,\"padding\":\"none\",\"animation\":\"fade\",\"animation_delay\":\"0\"},\"children\":[{\"type\":\"row\",\"children\":[{\"type\":\"column\",\"props\":{\"position_sticky_breakpoint\":\"m\",\"image_position\":\"center-center\",\"media_overlay_gradient\":\"\",\"width_medium\":\"1-2\",\"width_small\":\"\",\"width_large\":\"3-5\",\"image\":\"wp-content\\\/uploads\\\/2022\\\/03\\\/lacasa-lacasa-image.jpg\",\"image_size\":\"cover\",\"attributes\":\"\",\"css\":\"@media(min-width:960px){\\n .el-column{\\n \\tmin-height: calc(-95px + 100vh);\\n }\\n}\\n@media(max-width:959px){\\n .el-column{\\n \\tmin-height: 400px;\\n }\\n}\"},\"children\":[]},{\"type\":\"column\",\"props\":{\"position_sticky_breakpoint\":\"m\",\"image_position\":\"center-center\",\"media_overlay_gradient\":\"\",\"width_medium\":\"1-2\",\"vertical_align\":\"middle\",\"style\":\"muted\",\"width_small\":\"\",\"width_large\":\"2-5\",\"order_first\":\"m\"},\"children\":[{\"type\":\"panel\",\"props\":{\"link_text\":\"Read more\",\"title_hover_style\":\"reset\",\"title_element\":\"h1\",\"title_align\":\"top\",\"title_grid_width\":\"1-2\",\"title_grid_breakpoint\":\"m\",\"meta_style\":\"meta\",\"meta_align\":\"below-title\",\"meta_element\":\"div\",\"content_column_breakpoint\":\"m\",\"icon_width\":80,\"image_align\":\"left\",\"image_grid_width\":\"3-5\",\"image_grid_breakpoint\":\"m\",\"image_svg_color\":\"emphasis\",\"link_style\":\"default\",\"margin\":\"default\",\"image\":\"\",\"title\":\"La casa\",\"content\":\"\n\n<p>Una masia amb un valor arquitect\\u00f2nic \\u00fanic que es remunta al segle xii, en un espai i un entorn privilegiats, amb vistes a la muntanya de Montserrat.<\\\/p>\\n\n\n<p><\\\/p>\\n\n\n<p>Can Sabat\\u00e9 \\u00e9s un conjunt edificat que s\\u2019organitza al voltant d\\u2019un pati principal de gran bellesa, amb una representativa fa\\u00e7ana de pedra tallada que acull l\\u2019escut de la fam\\u00edlia God\\u00f3.<\\\/p>\\n\n\n<p><\\\/p>\\n\n\n<p><\\\/p>\\n\n\n<p>Disposa d\\u2019una esplanada de m\\u00e9s de 2.000 m<sup>2<\\\/sup> i d\\u2019una porxada que dona directament al celler, actualment convertit en espai per al banquet. Tant si celebreu cerim\\u00f2nia civil com religiosa, heu de saber que disposeu d\\u2019una capella, aix\\u00ed com d\\u2019uns amplis jardins dissenyats per Joan Pa\\u00f1ella i Bonastre.<\\\/p>\",\"image_vertical_align\":true,\"title_style\":\"lead\",\"panel_padding\":\"default\",\"panel_image_no_padding\":true,\"content_margin\":\"large\",\"animation\":\"slide-bottom-medium\"}}]}],\"props\":{\"layout\":\"3-5,2-5\",\"column_gap\":\"collapse\",\"row_gap\":\"collapse\",\"match\":false}}],\"name\":\"2 Columns\"},{\"type\":\"section\",\"props\":{\"style\":\"default\",\"width\":\"default\",\"vertical_align\":\"middle\",\"title_position\":\"top-left\",\"title_rotation\":\"left\",\"title_breakpoint\":\"xl\",\"image_position\":\"center-center\",\"padding\":\"large\",\"animation\":\"fade\"},\"children\":[{\"type\":\"row\",\"children\":[{\"type\":\"column\",\"props\":{\"position_sticky_breakpoint\":\"m\",\"image_position\":\"center-center\",\"media_overlay_gradient\":\"\"},\"children\":[{\"type\":\"headline\",\"props\":{\"title_element\":\"h1\",\"content\":\"\n\n<p>Lloga el nostre espai per realitzar-hi el teu esdeveniment<\\\/p>\",\"text_align\":\"center\",\"title_style\":\"h1\",\"css\":\"@media(max-width:450px){\\n    .el-element{\\n        max-width: 230px;\\n        margin-left: auto;\\n        margin-right: auto;\\n    }\\n}\",\"animation\":\"slide-bottom-medium\"}}]}]}],\"name\":\"Text\"},{\"type\":\"section\",\"props\":{\"style\":\"default\",\"width\":\"\",\"vertical_align\":\"middle\",\"title_position\":\"top-left\",\"title_rotation\":\"left\",\"title_breakpoint\":\"xl\",\"image_position\":\"center-center\",\"header_transparent_noplaceholder\":false,\"padding\":\"none\",\"animation\":\"fade\"},\"children\":[{\"type\":\"row\",\"children\":[{\"type\":\"column\",\"props\":{\"position_sticky_breakpoint\":\"m\",\"image_position\":\"center-center\",\"media_overlay_gradient\":\"\",\"width_medium\":\"1-2\",\"width_small\":\"\",\"width_large\":\"3-5\",\"image\":\"wp-content\\\/uploads\\\/2022\\\/03\\\/lacasa-eventos-img.jpg\",\"image_size\":\"cover\",\"attributes\":\"\",\"css\":\"@media(min-width:960px){\\n    .el-column{\\n    \\tmin-height: calc(-95px + 100vh);\\n    }\\n}\\n@media(max-width:959px){\\n    .el-column{\\n    \\tmin-height: 400px;\\n    }\\n}\"},\"children\":[]},{\"type\":\"column\",\"props\":{\"position_sticky_breakpoint\":\"m\",\"image_position\":\"center-center\",\"media_overlay_gradient\":\"\",\"width_medium\":\"1-2\",\"vertical_align\":\"middle\",\"style\":\"muted\",\"width_small\":\"\",\"width_large\":\"2-5\",\"order_first\":\"\"},\"children\":[{\"type\":\"panel\",\"props\":{\"link_text\":\"Read more\",\"title_hover_style\":\"reset\",\"title_element\":\"h1\",\"title_align\":\"top\",\"title_grid_width\":\"1-2\",\"title_grid_breakpoint\":\"m\",\"meta_style\":\"meta\",\"meta_align\":\"below-title\",\"meta_element\":\"div\",\"content_column_breakpoint\":\"m\",\"icon_width\":80,\"image_align\":\"left\",\"image_grid_width\":\"3-5\",\"image_grid_breakpoint\":\"m\",\"image_svg_color\":\"emphasis\",\"link_style\":\"default\",\"margin\":\"default\",\"image\":\"\",\"title\":\"ESDEVENIMENTS\",\"content\":\"\n\n<p><strong>Nosaltres posem el lloc; vosaltres, la imaginaci\\u00f3<\\\/strong><\\\/p>\\n\n\n<p><\\\/p>\\n\n\n<ul>\\n\n\n<li>Bodes.<\\\/li>\\n\n\n<li>Reunions d\\u2019empresa<\\\/li>\\n\n\n<li><em>Showrooms, pop-up stores, workshops<\\\/em><\\\/li>\\n\n\n<li>Presentacions de productes, rodes de premsa, confer\\u00e8ncies<\\\/li>\\n\n\n<li>Desfilades, c\\u00e0stings, lectures de guions<\\\/li>\\n\n\n<li>Tallers, cursos de durada curta o mitjana, classes magistrals<\\\/li>\\n\n\n<li>Retirs de ioga i meditaci\\u00f3<\\\/li>\\n\n\n<li>Presentacions de llibres, espais culturals<\\\/li>\\n\n\n<li>Assaigs, espectacles puntuals<\\\/li>\\n<\\\/ul>\\n\n\n<p><\\\/p>\\n\n\n<p>Aquests s\\u00f3n nom\\u00e9s alguns exemples. Contacta amb nosaltres per reservar la casa i comen\\u00e7a a organitzar el teu esdeveniment.<\\\/p>\",\"image_vertical_align\":true,\"title_style\":\"lead\",\"panel_padding\":\"default\",\"panel_image_no_padding\":true,\"content_margin\":\"large\",\"animation\":\"slide-bottom-medium\",\"css\":\".el-content strong{\\n\\tcolor:#8b8c90;\\n}\"}}]}],\"props\":{\"layout\":\"3-5,2-5\",\"column_gap\":\"collapse\",\"row_gap\":\"collapse\",\"match\":false}}],\"name\":\"2 Columns\"},{\"type\":\"section\",\"props\":{\"style\":\"default\",\"width\":\"xlarge\",\"vertical_align\":\"middle\",\"title_position\":\"top-left\",\"title_rotation\":\"left\",\"title_breakpoint\":\"xl\",\"image_position\":\"center-center\",\"animation\":\"fade\",\"animation_delay\":\"100\"},\"children\":[{\"type\":\"row\",\"props\":{\"layout\":\"2-5,3-5\"},\"children\":[{\"type\":\"column\",\"props\":{\"position_sticky_breakpoint\":\"m\",\"image_position\":\"center-center\",\"media_overlay_gradient\":\"\",\"width_medium\":\"2-5\",\"class\":\"uk-flex uk-flex-column\"},\"children\":[{\"type\":\"headline\",\"props\":{\"title_element\":\"div\",\"content\":\"Masia Can Sabat\\u00e9<br \\\/>08711 \\u00d2dena. Barcelona\",\"title_style\":\"h1\",\"animation\":\"slide-bottom-medium\"}},{\"type\":\"headline\",\"props\":{\"title_element\":\"div\",\"content\":\"T. 34 630 003 854\",\"title_style\":\"h1\",\"margin\":\"small\",\"animation\":\"slide-bottom-medium\"}},{\"type\":\"subnav\",\"props\":{\"css\":\".el-element{\\n\\tmargin-top:auto;\\n}\\n.el-link{\\n\\tfont-size:17px;\\n    color: #000;\\n    font-weight:100;\\n}\",\"animation\":\"slide-bottom-medium\"},\"children\":[{\"type\":\"subnav_item\",\"props\":{\"content\":\"Facebook\",\"link\":\"https:\\\/\\\/www.facebook.com\\\/Can-Sabat%C3%A9-1988132507971641\\\/\",\"link_target\":true}},{\"type\":\"subnav_item\",\"props\":{\"content\":\"Instagram\",\"link\":\"https:\\\/\\\/www.instagram.com\\\/can_sabate\\\/\",\"link_target\":true}},{\"type\":\"subnav_item\",\"props\":{\"content\":\"WhatsApp\",\"link\":\"https:\\\/\\\/api.whatsapp.com\\\/send?phone=34630003854&text=Contacto desde la web:\",\"link_target\":true}}]}]},{\"type\":\"column\",\"props\":{\"position_sticky_breakpoint\":\"m\",\"image_position\":\"center-center\",\"media_overlay_gradient\":\"\",\"width_medium\":\"3-5\"},\"children\":[{\"type\":\"html\",\"props\":{\"content\":\"[contact-form-7 id=\\\"1311\\\" title=\\\"Contacto\\\"]\"}}]}]}]}],\"version\":\"2.7.20\",\"yooessentialsVersion\":\"1.5.15\"} --><\/p>\n","protected":false},"excerpt":{"rendered":"<p>Espai senyorial amb tradici\u00f3 i eleg\u00e0ncia La casa Una masia amb un valor arquitect\u00f2nic \u00fanic que es remunta al segle xii, en un espai i un entorn privilegiats, amb vistes a la muntanya de Montserrat. Can Sabat\u00e9 \u00e9s un conjunt edificat que s\u2019organitza al voltant d\u2019un pati principal de gran bellesa, amb una representativa fa\u00e7ana [&hellip;]<\/p>\n","protected":false},"author":1,"featured_media":0,"parent":0,"menu_order":5,"comment_status":"open","ping_status":"closed","template":"","meta":{"_acf_changed":false,"footnotes":""},"class_list":["post-1900","page","type-page","status-publish","hentry"],"acf":[],"yoast_head":"<!-- This site is optimized with the Yoast SEO plugin v27.4 - https:\/\/yoast.com\/product\/yoast-seo-wordpress\/ -->\n<title>La casa - Can Sabat\u00e9<\/title>\n<meta name=\"description\" content=\"Situada a 40 minutos de Barcelona, Can Sabat\u00e9 ofrece un amplio abanico de rincones id\u00edlicos para celebraciones as\u00ed como tambi\u00e9n un completo servicio se asesoramiento y protocolo para la planificaci\u00f3n del evento con la m\u00e1xima garant\u00eda de \u00e9xito. Nuestro Chef ejecuta una propuesta gastron\u00f3mica \u00fanica para cada cliente.\" \/>\n<meta name=\"robots\" content=\"index, follow, max-snippet:-1, max-image-preview:large, max-video-preview:-1\" \/>\n<link rel=\"canonical\" href=\"https:\/\/www.cansabate.com\/ca\/la-casa\/\" \/>\n<meta property=\"og:locale\" content=\"ca_ES\" \/>\n<meta property=\"og:type\" content=\"article\" \/>\n<meta property=\"og:title\" content=\"La casa - Can Sabat\u00e9\" \/>\n<meta property=\"og:description\" content=\"Situada a 40 minutos de Barcelona, Can Sabat\u00e9 ofrece un amplio abanico de rincones id\u00edlicos para celebraciones as\u00ed como tambi\u00e9n un completo servicio se asesoramiento y protocolo para la planificaci\u00f3n del evento con la m\u00e1xima garant\u00eda de \u00e9xito. Nuestro Chef ejecuta una propuesta gastron\u00f3mica \u00fanica para cada cliente.\" \/>\n<meta property=\"og:url\" content=\"https:\/\/www.cansabate.com\/ca\/la-casa\/\" \/>\n<meta property=\"og:site_name\" content=\"Can Sabat\u00e9\" \/>\n<meta property=\"article:publisher\" content=\"https:\/\/www.facebook.com\/Can-Sabate-1988132507971641\/\" \/>\n<meta property=\"article:modified_time\" content=\"2022-03-16T10:18:26+00:00\" \/>\n<meta property=\"og:image\" content=\"https:\/\/www.cansabate.com\/cansabate\/wp-content\/uploads\/2022\/03\/lacasa-top-img.jpg\" \/>\n<meta name=\"twitter:card\" content=\"summary_large_image\" \/>\n<meta name=\"twitter:label1\" content=\"Temps estimat de lectura\" \/>\n\t<meta name=\"twitter:data1\" content=\"1 minut\" \/>\n<script type=\"application\/ld+json\" class=\"yoast-schema-graph\">{\"@context\":\"https:\\\/\\\/schema.org\",\"@graph\":[{\"@type\":\"WebPage\",\"@id\":\"https:\\\/\\\/www.cansabate.com\\\/ca\\\/la-casa\\\/\",\"url\":\"https:\\\/\\\/www.cansabate.com\\\/ca\\\/la-casa\\\/\",\"name\":\"La casa - Can Sabat\u00e9\",\"isPartOf\":{\"@id\":\"https:\\\/\\\/www.cansabate.com\\\/ca\\\/#website\"},\"datePublished\":\"2019-09-09T09:23:53+00:00\",\"dateModified\":\"2022-03-16T10:18:26+00:00\",\"description\":\"Situada a 40 minutos de Barcelona, Can Sabat\u00e9 ofrece un amplio abanico de rincones id\u00edlicos para celebraciones as\u00ed como tambi\u00e9n un completo servicio se asesoramiento y protocolo para la planificaci\u00f3n del evento con la m\u00e1xima garant\u00eda de \u00e9xito. Nuestro Chef ejecuta una propuesta gastron\u00f3mica \u00fanica para cada cliente.\",\"breadcrumb\":{\"@id\":\"https:\\\/\\\/www.cansabate.com\\\/ca\\\/la-casa\\\/#breadcrumb\"},\"inLanguage\":\"ca\",\"potentialAction\":[{\"@type\":\"ReadAction\",\"target\":[\"https:\\\/\\\/www.cansabate.com\\\/ca\\\/la-casa\\\/\"]}]},{\"@type\":\"BreadcrumbList\",\"@id\":\"https:\\\/\\\/www.cansabate.com\\\/ca\\\/la-casa\\\/#breadcrumb\",\"itemListElement\":[{\"@type\":\"ListItem\",\"position\":1,\"name\":\"Portada\",\"item\":\"https:\\\/\\\/www.cansabate.com\\\/ca\\\/\"},{\"@type\":\"ListItem\",\"position\":2,\"name\":\"La casa\"}]},{\"@type\":\"WebSite\",\"@id\":\"https:\\\/\\\/www.cansabate.com\\\/ca\\\/#website\",\"url\":\"https:\\\/\\\/www.cansabate.com\\\/ca\\\/\",\"name\":\"Can Sabat\u00e9\",\"description\":\"Espacio se\u00f1orial con tradici\u00f3n y elegancia para tu celebraci\u00f3n.\",\"publisher\":{\"@id\":\"https:\\\/\\\/www.cansabate.com\\\/ca\\\/#organization\"},\"potentialAction\":[{\"@type\":\"SearchAction\",\"target\":{\"@type\":\"EntryPoint\",\"urlTemplate\":\"https:\\\/\\\/www.cansabate.com\\\/ca\\\/?s={search_term_string}\"},\"query-input\":{\"@type\":\"PropertyValueSpecification\",\"valueRequired\":true,\"valueName\":\"search_term_string\"}}],\"inLanguage\":\"ca\"},{\"@type\":\"Organization\",\"@id\":\"https:\\\/\\\/www.cansabate.com\\\/ca\\\/#organization\",\"name\":\"Can Sabat\u00e9\",\"url\":\"https:\\\/\\\/www.cansabate.com\\\/ca\\\/\",\"logo\":{\"@type\":\"ImageObject\",\"inLanguage\":\"ca\",\"@id\":\"https:\\\/\\\/www.cansabate.com\\\/ca\\\/#\\\/schema\\\/logo\\\/image\\\/\",\"url\":\"https:\\\/\\\/www.cansabate.com\\\/wp-content\\\/uploads\\\/2022\\\/03\\\/logo-can-sabate-negre.svg\",\"contentUrl\":\"https:\\\/\\\/www.cansabate.com\\\/wp-content\\\/uploads\\\/2022\\\/03\\\/logo-can-sabate-negre.svg\",\"width\":1,\"height\":1,\"caption\":\"Can Sabat\u00e9\"},\"image\":{\"@id\":\"https:\\\/\\\/www.cansabate.com\\\/ca\\\/#\\\/schema\\\/logo\\\/image\\\/\"},\"sameAs\":[\"https:\\\/\\\/www.facebook.com\\\/Can-Sabate-1988132507971641\\\/\",\"https:\\\/\\\/www.instagram.com\\\/can_sabate\\\/\"]}]}<\/script>\n<!-- \/ Yoast SEO plugin. -->","yoast_head_json":{"title":"La casa - Can Sabat\u00e9","description":"Situada a 40 minutos de Barcelona, Can Sabat\u00e9 ofrece un amplio abanico de rincones id\u00edlicos para celebraciones as\u00ed como tambi\u00e9n un completo servicio se asesoramiento y protocolo para la planificaci\u00f3n del evento con la m\u00e1xima garant\u00eda de \u00e9xito. Nuestro Chef ejecuta una propuesta gastron\u00f3mica \u00fanica para cada cliente.","robots":{"index":"index","follow":"follow","max-snippet":"max-snippet:-1","max-image-preview":"max-image-preview:large","max-video-preview":"max-video-preview:-1"},"canonical":"https:\/\/www.cansabate.com\/ca\/la-casa\/","og_locale":"ca_ES","og_type":"article","og_title":"La casa - Can Sabat\u00e9","og_description":"Situada a 40 minutos de Barcelona, Can Sabat\u00e9 ofrece un amplio abanico de rincones id\u00edlicos para celebraciones as\u00ed como tambi\u00e9n un completo servicio se asesoramiento y protocolo para la planificaci\u00f3n del evento con la m\u00e1xima garant\u00eda de \u00e9xito. Nuestro Chef ejecuta una propuesta gastron\u00f3mica \u00fanica para cada cliente.","og_url":"https:\/\/www.cansabate.com\/ca\/la-casa\/","og_site_name":"Can Sabat\u00e9","article_publisher":"https:\/\/www.facebook.com\/Can-Sabate-1988132507971641\/","article_modified_time":"2022-03-16T10:18:26+00:00","og_image":[{"url":"https:\/\/www.cansabate.com\/cansabate\/wp-content\/uploads\/2022\/03\/lacasa-top-img.jpg","type":"","width":"","height":""}],"twitter_card":"summary_large_image","twitter_misc":{"Temps estimat de lectura":"1 minut"},"schema":{"@context":"https:\/\/schema.org","@graph":[{"@type":"WebPage","@id":"https:\/\/www.cansabate.com\/ca\/la-casa\/","url":"https:\/\/www.cansabate.com\/ca\/la-casa\/","name":"La casa - Can Sabat\u00e9","isPartOf":{"@id":"https:\/\/www.cansabate.com\/ca\/#website"},"datePublished":"2019-09-09T09:23:53+00:00","dateModified":"2022-03-16T10:18:26+00:00","description":"Situada a 40 minutos de Barcelona, Can Sabat\u00e9 ofrece un amplio abanico de rincones id\u00edlicos para celebraciones as\u00ed como tambi\u00e9n un completo servicio se asesoramiento y protocolo para la planificaci\u00f3n del evento con la m\u00e1xima garant\u00eda de \u00e9xito. Nuestro Chef ejecuta una propuesta gastron\u00f3mica \u00fanica para cada cliente.","breadcrumb":{"@id":"https:\/\/www.cansabate.com\/ca\/la-casa\/#breadcrumb"},"inLanguage":"ca","potentialAction":[{"@type":"ReadAction","target":["https:\/\/www.cansabate.com\/ca\/la-casa\/"]}]},{"@type":"BreadcrumbList","@id":"https:\/\/www.cansabate.com\/ca\/la-casa\/#breadcrumb","itemListElement":[{"@type":"ListItem","position":1,"name":"Portada","item":"https:\/\/www.cansabate.com\/ca\/"},{"@type":"ListItem","position":2,"name":"La casa"}]},{"@type":"WebSite","@id":"https:\/\/www.cansabate.com\/ca\/#website","url":"https:\/\/www.cansabate.com\/ca\/","name":"Can Sabat\u00e9","description":"Espacio se\u00f1orial con tradici\u00f3n y elegancia para tu celebraci\u00f3n.","publisher":{"@id":"https:\/\/www.cansabate.com\/ca\/#organization"},"potentialAction":[{"@type":"SearchAction","target":{"@type":"EntryPoint","urlTemplate":"https:\/\/www.cansabate.com\/ca\/?s={search_term_string}"},"query-input":{"@type":"PropertyValueSpecification","valueRequired":true,"valueName":"search_term_string"}}],"inLanguage":"ca"},{"@type":"Organization","@id":"https:\/\/www.cansabate.com\/ca\/#organization","name":"Can Sabat\u00e9","url":"https:\/\/www.cansabate.com\/ca\/","logo":{"@type":"ImageObject","inLanguage":"ca","@id":"https:\/\/www.cansabate.com\/ca\/#\/schema\/logo\/image\/","url":"https:\/\/www.cansabate.com\/wp-content\/uploads\/2022\/03\/logo-can-sabate-negre.svg","contentUrl":"https:\/\/www.cansabate.com\/wp-content\/uploads\/2022\/03\/logo-can-sabate-negre.svg","width":1,"height":1,"caption":"Can Sabat\u00e9"},"image":{"@id":"https:\/\/www.cansabate.com\/ca\/#\/schema\/logo\/image\/"},"sameAs":["https:\/\/www.facebook.com\/Can-Sabate-1988132507971641\/","https:\/\/www.instagram.com\/can_sabate\/"]}]}},"_links":{"self":[{"href":"https:\/\/www.cansabate.com\/ca\/wp-json\/wp\/v2\/pages\/1900","targetHints":{"allow":["GET"]}}],"collection":[{"href":"https:\/\/www.cansabate.com\/ca\/wp-json\/wp\/v2\/pages"}],"about":[{"href":"https:\/\/www.cansabate.com\/ca\/wp-json\/wp\/v2\/types\/page"}],"author":[{"embeddable":true,"href":"https:\/\/www.cansabate.com\/ca\/wp-json\/wp\/v2\/users\/1"}],"replies":[{"embeddable":true,"href":"https:\/\/www.cansabate.com\/ca\/wp-json\/wp\/v2\/comments?post=1900"}],"version-history":[{"count":5,"href":"https:\/\/www.cansabate.com\/ca\/wp-json\/wp\/v2\/pages\/1900\/revisions"}],"predecessor-version":[{"id":2040,"href":"https:\/\/www.cansabate.com\/ca\/wp-json\/wp\/v2\/pages\/1900\/revisions\/2040"}],"wp:attachment":[{"href":"https:\/\/www.cansabate.com\/ca\/wp-json\/wp\/v2\/media?parent=1900"}],"curies":[{"name":"wp","href":"https:\/\/api.w.org\/{rel}","templated":true}]}}